{"id":5928,"date":"2022-11-02T12:37:39","date_gmt":"2022-11-02T11:37:39","guid":{"rendered":"https:\/\/www.foodchempack.com\/noticias\/"},"modified":"2023-06-01T20:16:30","modified_gmt":"2023-06-01T18:16:30","slug":"news","status":"publish","type":"page","link":"https:\/\/www.foodchempack.com\/en\/news\/","title":{"rendered":"News"},"content":{"rendered":"\n<style type=\"text\/css\" data-created_by=\"avia_inline_auto\" id=\"style-css-av-clrfv-e4d6d15dcfaeb01b7d3a7d2604aa164c\">\n.flex_column.av-clrfv-e4d6d15dcfaeb01b7d3a7d2604aa164c{\n-webkit-border-radius:0px 0px 0px 0px;\n-moz-border-radius:0px 0px 0px 0px;\nborder-radius:0px 0px 0px 0px;\npadding:0px 0px 0px 0px;\n}\n<\/style>\n<div class='flex_column av-clrfv-e4d6d15dcfaeb01b7d3a7d2604aa164c av_one_full  avia-builder-el-0  avia-builder-el-no-sibling  first flex_column_div av-zero-column-padding '     ><div  class='av-alb-blogposts template-blog  av-blog-meta-author-disabled '  itemscope=\"itemscope\" itemtype=\"https:\/\/schema.org\/Blog\" ><article class=\"post-entry post-entry-type-standard post-entry-8345 post-loop-1 post-parity-odd single-big with-slider post-8345 post type-post status-publish format-standard has-post-thumbnail hentry category-food-chem-pack\"  itemscope=\"itemscope\" itemtype=\"https:\/\/schema.org\/BlogPosting\" ><div class=\"big-preview single-big\"  itemprop=\"image\" itemscope=\"itemscope\" itemtype=\"https:\/\/schema.org\/ImageObject\" ><a href=\"https:\/\/www.foodchempack.com\/en\/food-chem-pack\/raquel-sendon-garcia-nueva-decana-de-la-facultad-de-farmacia\/\"  title=\"20260428201240-696x392\" ><img fetchpriority=\"high\" width=\"696\" height=\"321\" src=\"https:\/\/mlmdzsfny8te.i.optimole.com\/w:696\/h:321\/q:mauto\/ig:avif\/https:\/\/www.foodchempack.com\/wp-content\/uploads\/2026\/04\/20260428201240-696x392-2.jpg\" class=\"wp-image-8349 avia-img-lazy-loading-not-8349 attachment-entry_with_sidebar size-entry_with_sidebar wp-post-image\" alt=\"\" decoding=\"async\" \/><\/a><\/div><div class=\"blog-meta\"><\/div><div class='entry-content-wrapper clearfix standard-content'><header class=\"entry-content-header\"><h2 class='post-title entry-title '  itemprop=\"headline\" ><a href=\"https:\/\/www.foodchempack.com\/en\/food-chem-pack\/raquel-sendon-garcia-nueva-decana-de-la-facultad-de-farmacia\/\" rel=\"bookmark\" title=\"Permanent Link: Raquel Send\u00f3n Garc\u00eda, nueva Decana de la Facultad de Farmacia\">Raquel Send\u00f3n Garc\u00eda, nueva Decana de la Facultad de Farmacia<span class=\"post-format-icon minor-meta\"><\/span><\/a><\/h2><span class=\"post-meta-infos\"><time class=\"date-container minor-meta updated\"  itemprop=\"datePublished\" datetime=\"2026-04-29T11:02:05+02:00\" >29\/04\/2026<\/time><span class=\"text-sep\">\/<\/span><span class=\"blog-categories minor-meta\">in <a href=\"https:\/\/www.foodchempack.com\/category\/food-chem-pack\/\" rel=\"tag\">Food Chem Pack<\/a><\/span><\/span><\/header><div class=\"entry-content\"  itemprop=\"text\" ><p>Nuestra compa\u00f1era Raquel Send\u00f3n Garc\u00eda ha sido elegida nueva Decana de la Facultad de Farmacia, tras el proceso electoral celebrado recientemente en el centro. Con este nombramiento, inicia una nueva etapa al frente de la Facultad, desde la que se abordar\u00e1n los principales retos relacionados con la docencia, la investigaci\u00f3n y la gesti\u00f3n acad\u00e9mica en [&hellip;]<\/p>\n<div class=\"read-more-link\"><a href=\"https:\/\/www.foodchempack.com\/en\/food-chem-pack\/raquel-sendon-garcia-nueva-decana-de-la-facultad-de-farmacia\/\" class=\"more-link\">Read more<span class=\"more-link-arrow\"><\/span><\/a><\/div>\n<\/div><footer class=\"entry-footer\"><\/footer><div class='post_delimiter'><\/div><\/div><div class=\"post_author_timeline\"><\/div><span class='hidden'>\n\t\t\t\t<span class='av-structured-data'  itemprop=\"image\" itemscope=\"itemscope\" itemtype=\"https:\/\/schema.org\/ImageObject\" >\n\t\t\t\t\t\t<span itemprop='url'>https:\/\/www.foodchempack.com\/wp-content\/uploads\/2026\/04\/20260428201240-696x392-2.jpg<\/span>\n\t\t\t\t\t\t<span itemprop='height'>392<\/span>\n\t\t\t\t\t\t<span itemprop='width'>696<\/span>\n\t\t\t\t<\/span>\n\t\t\t\t<span class='av-structured-data'  itemprop=\"publisher\" itemtype=\"https:\/\/schema.org\/Organization\" itemscope=\"itemscope\" >\n\t\t\t\t\t\t<span itemprop='name'>Raquel<\/span>\n\t\t\t\t\t\t<span itemprop='logo' itemscope itemtype='https:\/\/schema.org\/ImageObject'>\n\t\t\t\t\t\t\t<span itemprop='url'>https:\/\/www.foodchempack.com\/wp-content\/uploads\/2022\/11\/logo-FoodChemPack.png<\/span>\n\t\t\t\t\t\t<\/span>\n\t\t\t\t<\/span><span class='av-structured-data'  itemprop=\"author\" itemscope=\"itemscope\" itemtype=\"https:\/\/schema.org\/Person\" ><span itemprop='name'>Raquel<\/span><\/span><span class='av-structured-data'  itemprop=\"datePublished\" datetime=\"2026-04-29T11:02:05+02:00\" >2026-04-29 11:02:05<\/span><span class='av-structured-data'  itemprop=\"dateModified\" itemtype=\"https:\/\/schema.org\/dateModified\" >2026-04-29 11:06:56<\/span><span class='av-structured-data'  itemprop=\"mainEntityOfPage\" itemtype=\"https:\/\/schema.org\/mainEntityOfPage\" ><span itemprop='name'>Raquel Send\u00f3n Garc\u00eda, nueva Decana de la Facultad de Farmacia<\/span><\/span><\/span><\/article><article class=\"post-entry post-entry-type-standard post-entry-8331 post-loop-2 post-parity-even single-big with-slider post-8331 post type-post status-publish format-standard has-post-thumbnail hentry category-food-chem-pack-en tag-congress-en tag-science-en tag-slim-en\"  itemscope=\"itemscope\" itemtype=\"https:\/\/schema.org\/BlogPosting\" ><div class=\"big-preview single-big\"  itemprop=\"image\" itemscope=\"itemscope\" itemtype=\"https:\/\/schema.org\/ImageObject\" ><a href=\"https:\/\/www.foodchempack.com\/en\/food-chem-pack-en\/slim-2026-santiago-de-compostela\/\"  title=\"WhatsApp-Image-2026-01-20-at-15.00.09-1\" ><img width=\"841\" height=\"321\" src=\"https:\/\/mlmdzsfny8te.i.optimole.com\/w:841\/h:321\/q:mauto\/ig:avif\/https:\/\/www.foodchempack.com\/wp-content\/uploads\/2026\/01\/WhatsApp-Image-2026-01-20-at-15.00.09-1.jpeg\" class=\"wp-image-8072 avia-img-lazy-loading-not-8072 attachment-entry_with_sidebar size-entry_with_sidebar wp-post-image\" alt=\"\" decoding=\"async\" \/><\/a><\/div><div class=\"blog-meta\"><\/div><div class='entry-content-wrapper clearfix standard-content'><header class=\"entry-content-header\"><h2 class='post-title entry-title '  itemprop=\"headline\" ><a href=\"https:\/\/www.foodchempack.com\/en\/food-chem-pack-en\/slim-2026-santiago-de-compostela\/\" rel=\"bookmark\" title=\"Permanent Link: SLIM 2026 Santiago de Compostela\">SLIM 2026 Santiago de Compostela<span class=\"post-format-icon minor-meta\"><\/span><\/a><\/h2><span class=\"post-meta-infos\"><time class=\"date-container minor-meta updated\"  itemprop=\"datePublished\" datetime=\"2026-03-09T14:11:57+01:00\" >09\/03\/2026<\/time><span class=\"text-sep\">\/<\/span><span class=\"blog-categories minor-meta\">in <a href=\"https:\/\/www.foodchempack.com\/en\/category\/food-chem-pack-en\/\" rel=\"tag\">Food Chem Pack<\/a><\/span><\/span><\/header><div class=\"entry-content\"  itemprop=\"text\" ><p>\ud83d\udce2\u00a0New deadline for registration \u2013 SLIM 2026Great news! The deadline for\u00a0early registration\u00a0and oral presentation for\u00a0SLIM 2026\u00a0has been extended.\ud83d\uddd3\u00a0New deadline:\u00a0March 31, 2026\ud83d\udccd Santiago de Compostela, Spain\ud83d\udcc5\u00a0Conference dates:\u00a0June 8\u201311, 2026 \ud83d\udd17 More information: www.slim2026.gal \ud83d\udce7 Contact: slimmeeting@slim2026.gal<\/p>\n<div class=\"read-more-link\"><a href=\"https:\/\/www.foodchempack.com\/en\/food-chem-pack-en\/slim-2026-santiago-de-compostela\/\" class=\"more-link\">Read more<span class=\"more-link-arrow\"><\/span><\/a><\/div>\n<\/div><footer class=\"entry-footer\"><\/footer><div class='post_delimiter'><\/div><\/div><div class=\"post_author_timeline\"><\/div><span class='hidden'>\n\t\t\t\t<span class='av-structured-data'  itemprop=\"image\" itemscope=\"itemscope\" itemtype=\"https:\/\/schema.org\/ImageObject\" >\n\t\t\t\t\t\t<span itemprop='url'>https:\/\/www.foodchempack.com\/wp-content\/uploads\/2026\/01\/WhatsApp-Image-2026-01-20-at-15.00.09-1.jpeg<\/span>\n\t\t\t\t\t\t<span itemprop='height'>595<\/span>\n\t\t\t\t\t\t<span itemprop='width'>841<\/span>\n\t\t\t\t<\/span>\n\t\t\t\t<span class='av-structured-data'  itemprop=\"publisher\" itemtype=\"https:\/\/schema.org\/Organization\" itemscope=\"itemscope\" >\n\t\t\t\t\t\t<span itemprop='name'>Raquel<\/span>\n\t\t\t\t\t\t<span itemprop='logo' itemscope itemtype='https:\/\/schema.org\/ImageObject'>\n\t\t\t\t\t\t\t<span itemprop='url'>https:\/\/www.foodchempack.com\/wp-content\/uploads\/2022\/11\/logo-FoodChemPack.png<\/span>\n\t\t\t\t\t\t<\/span>\n\t\t\t\t<\/span><span class='av-structured-data'  itemprop=\"author\" itemscope=\"itemscope\" itemtype=\"https:\/\/schema.org\/Person\" ><span itemprop='name'>Raquel<\/span><\/span><span class='av-structured-data'  itemprop=\"datePublished\" datetime=\"2026-03-09T14:11:57+01:00\" >2026-03-09 14:11:57<\/span><span class='av-structured-data'  itemprop=\"dateModified\" itemtype=\"https:\/\/schema.org\/dateModified\" >2026-03-09 14:28:08<\/span><span class='av-structured-data'  itemprop=\"mainEntityOfPage\" itemtype=\"https:\/\/schema.org\/mainEntityOfPage\" ><span itemprop='name'>SLIM 2026 Santiago de Compostela<\/span><\/span><\/span><\/article><article class=\"post-entry post-entry-type-standard post-entry-8127 post-loop-3 post-parity-odd single-big with-slider post-8127 post type-post status-publish format-standard has-post-thumbnail hentry category-food-chem-pack-en tag-science-en\"  itemscope=\"itemscope\" itemtype=\"https:\/\/schema.org\/BlogPosting\" ><div class=\"big-preview single-big\"  itemprop=\"image\" itemscope=\"itemscope\" itemtype=\"https:\/\/schema.org\/ImageObject\" ><a href=\"https:\/\/www.foodchempack.com\/en\/food-chem-pack-en\/primera-reunion-general-de-la-red-de-bioeconomia-circular-chile-europa\/\"  title=\"1769453915989\" ><img data-opt-src=\"https:\/\/mlmdzsfny8te.i.optimole.com\/w:845\/h:321\/q:mauto\/rt:fill\/g:ce\/ig:avif\/https:\/\/www.foodchempack.com\/wp-content\/uploads\/2026\/01\/1769453915989.jpg\"  width=\"845\" height=\"321\" src=\"data:image/svg+xml,%3Csvg%20viewBox%3D%220%200%20845%20321%22%20width%3D%22845%22%20height%3D%22321%22%20xmlns%3D%22http%3A%2F%2Fwww.w3.org%2F2000%2Fsvg%22%3E%3Crect%20width%3D%22845%22%20height%3D%22321%22%20fill%3D%22transparent%22%2F%3E%3C%2Fsvg%3E\" class=\"wp-image-8125 avia-img-lazy-loading-not-8125 attachment-entry_with_sidebar size-entry_with_sidebar wp-post-image\" alt=\"\" decoding=\"async\" \/><\/a><\/div><div class=\"blog-meta\"><\/div><div class='entry-content-wrapper clearfix standard-content'><header class=\"entry-content-header\"><h2 class='post-title entry-title '  itemprop=\"headline\" ><a href=\"https:\/\/www.foodchempack.com\/en\/food-chem-pack-en\/primera-reunion-general-de-la-red-de-bioeconomia-circular-chile-europa\/\" rel=\"bookmark\" title=\"Permanent Link: Primera Reuni\u00f3n General de la Red de Bioeconom\u00eda Circular Chile\u2013Europa\">Primera Reuni\u00f3n General de la Red de Bioeconom\u00eda Circular Chile\u2013Europa<span class=\"post-format-icon minor-meta\"><\/span><\/a><\/h2><span class=\"post-meta-infos\"><time class=\"date-container minor-meta updated\"  itemprop=\"datePublished\" datetime=\"2026-01-29T11:04:16+01:00\" >29\/01\/2026<\/time><span class=\"text-sep\">\/<\/span><span class=\"blog-categories minor-meta\">in <a href=\"https:\/\/www.foodchempack.com\/en\/category\/food-chem-pack-en\/\" rel=\"tag\">Food Chem Pack<\/a><\/span><\/span><\/header><div class=\"entry-content\"  itemprop=\"text\" ><p>El pasado lunes 26 de enero, FoodChemPack particip\u00f3 en la Primera Reuni\u00f3n de la Red de Bioeconom\u00eda Circular Chile-Europa, un hito para fortalecer la cooperaci\u00f3n cient\u00edfica entre ambos continentes y definir la hoja de ruta estrat\u00e9gica hacia 2026. El encuentro fue inaugurado por el Dr. Danilo Escobar Avello (UDT\u2013Universidad de Concepci\u00f3n, CENAMAD) como responsable de [&hellip;]<\/p>\n<div class=\"read-more-link\"><a href=\"https:\/\/www.foodchempack.com\/en\/food-chem-pack-en\/primera-reunion-general-de-la-red-de-bioeconomia-circular-chile-europa\/\" class=\"more-link\">Read more<span class=\"more-link-arrow\"><\/span><\/a><\/div>\n<\/div><footer class=\"entry-footer\"><\/footer><div class='post_delimiter'><\/div><\/div><div class=\"post_author_timeline\"><\/div><span class='hidden'>\n\t\t\t\t<span class='av-structured-data'  itemprop=\"image\" itemscope=\"itemscope\" itemtype=\"https:\/\/schema.org\/ImageObject\" >\n\t\t\t\t\t\t<span itemprop='url'>https:\/\/www.foodchempack.com\/wp-content\/uploads\/2026\/01\/1769453915989.jpg<\/span>\n\t\t\t\t\t\t<span itemprop='height'>1600<\/span>\n\t\t\t\t\t\t<span itemprop='width'>1280<\/span>\n\t\t\t\t<\/span>\n\t\t\t\t<span class='av-structured-data'  itemprop=\"publisher\" itemtype=\"https:\/\/schema.org\/Organization\" itemscope=\"itemscope\" >\n\t\t\t\t\t\t<span itemprop='name'>Raquel<\/span>\n\t\t\t\t\t\t<span itemprop='logo' itemscope itemtype='https:\/\/schema.org\/ImageObject'>\n\t\t\t\t\t\t\t<span itemprop='url'>https:\/\/www.foodchempack.com\/wp-content\/uploads\/2022\/11\/logo-FoodChemPack.png<\/span>\n\t\t\t\t\t\t<\/span>\n\t\t\t\t<\/span><span class='av-structured-data'  itemprop=\"author\" itemscope=\"itemscope\" itemtype=\"https:\/\/schema.org\/Person\" ><span itemprop='name'>Raquel<\/span><\/span><span class='av-structured-data'  itemprop=\"datePublished\" datetime=\"2026-01-29T11:04:16+01:00\" >2026-01-29 11:04:16<\/span><span class='av-structured-data'  itemprop=\"dateModified\" itemtype=\"https:\/\/schema.org\/dateModified\" >2026-01-29 11:05:02<\/span><span class='av-structured-data'  itemprop=\"mainEntityOfPage\" itemtype=\"https:\/\/schema.org\/mainEntityOfPage\" ><span itemprop='name'>Primera Reuni\u00f3n General de la Red de Bioeconom\u00eda Circular Chile\u2013Europa<\/span><\/span><\/span><\/article><article class=\"post-entry post-entry-type-standard post-entry-8207 post-loop-4 post-parity-even single-big with-slider post-8207 post type-post status-publish format-standard has-post-thumbnail hentry category-food-chem-pack-en\"  itemscope=\"itemscope\" itemtype=\"https:\/\/schema.org\/BlogPosting\" ><div class=\"big-preview single-big\"  itemprop=\"image\" itemscope=\"itemscope\" itemtype=\"https:\/\/schema.org\/ImageObject\" ><a href=\"https:\/\/www.foodchempack.com\/en\/food-chem-pack-en\/defensa-de-la-tesis-doctoral-de-sandra-marino-cortegoso\/\"  title=\"WhatsApp Image 2026-01-27 at 14.55.23\" ><img data-opt-src=\"https:\/\/mlmdzsfny8te.i.optimole.com\/w:845\/h:321\/q:mauto\/rt:fill\/g:ce\/ig:avif\/https:\/\/www.foodchempack.com\/wp-content\/uploads\/2026\/01\/WhatsApp-Image-2026-01-27-at-14.55.23.jpeg\"  width=\"845\" height=\"321\" src=\"data:image/svg+xml,%3Csvg%20viewBox%3D%220%200%20845%20321%22%20width%3D%22845%22%20height%3D%22321%22%20xmlns%3D%22http%3A%2F%2Fwww.w3.org%2F2000%2Fsvg%22%3E%3Crect%20width%3D%22845%22%20height%3D%22321%22%20fill%3D%22transparent%22%2F%3E%3C%2Fsvg%3E\" class=\"wp-image-8116 avia-img-lazy-loading-not-8116 attachment-entry_with_sidebar size-entry_with_sidebar wp-post-image\" alt=\"\" decoding=\"async\" \/><\/a><\/div><div class=\"blog-meta\"><\/div><div class='entry-content-wrapper clearfix standard-content'><header class=\"entry-content-header\"><h2 class='post-title entry-title '  itemprop=\"headline\" ><a href=\"https:\/\/www.foodchempack.com\/en\/food-chem-pack-en\/defensa-de-la-tesis-doctoral-de-sandra-marino-cortegoso\/\" rel=\"bookmark\" title=\"Permanent Link: Defensa de la tesis doctoral de Sandra Mari\u00f1o Cortegoso\">Defensa de la tesis doctoral de Sandra Mari\u00f1o Cortegoso<span class=\"post-format-icon minor-meta\"><\/span><\/a><\/h2><span class=\"post-meta-infos\"><time class=\"date-container minor-meta updated\"  itemprop=\"datePublished\" datetime=\"2026-01-28T13:41:05+01:00\" >28\/01\/2026<\/time><span class=\"text-sep\">\/<\/span><span class=\"blog-categories minor-meta\">in <a href=\"https:\/\/www.foodchempack.com\/en\/category\/food-chem-pack-en\/\" rel=\"tag\">Food Chem Pack<\/a><\/span><\/span><\/header><div class=\"entry-content\"  itemprop=\"text\" ><p>El pasado viernes, 23 de enero de 2026, nuestra compa\u00f1era Sandra Mari\u00f1o Cortegoso defendi\u00f3 su tesis doctoral titulada &#8220;Valorizaci\u00f3n de subproductos de la industria agroalimentaria a trav\u00e9s de la recuperaci\u00f3n de compuestos con alto valor a\u00f1adido para a su aplicaci\u00f3n como ingredientes en aditivos en el \u00e1mbito da econom\u00eda circular&#8220; Sandra estuvo acompa\u00f1ada por sus [&hellip;]<\/p>\n<div class=\"read-more-link\"><a href=\"https:\/\/www.foodchempack.com\/en\/food-chem-pack-en\/defensa-de-la-tesis-doctoral-de-sandra-marino-cortegoso\/\" class=\"more-link\">Read more<span class=\"more-link-arrow\"><\/span><\/a><\/div>\n<\/div><footer class=\"entry-footer\"><\/footer><div class='post_delimiter'><\/div><\/div><div class=\"post_author_timeline\"><\/div><span class='hidden'>\n\t\t\t\t<span class='av-structured-data'  itemprop=\"image\" itemscope=\"itemscope\" itemtype=\"https:\/\/schema.org\/ImageObject\" >\n\t\t\t\t\t\t<span itemprop='url'>https:\/\/www.foodchempack.com\/wp-content\/uploads\/2026\/01\/WhatsApp-Image-2026-01-27-at-14.55.23.jpeg<\/span>\n\t\t\t\t\t\t<span itemprop='height'>1066<\/span>\n\t\t\t\t\t\t<span itemprop='width'>1600<\/span>\n\t\t\t\t<\/span>\n\t\t\t\t<span class='av-structured-data'  itemprop=\"publisher\" itemtype=\"https:\/\/schema.org\/Organization\" itemscope=\"itemscope\" >\n\t\t\t\t\t\t<span itemprop='name'>Raquel<\/span>\n\t\t\t\t\t\t<span itemprop='logo' itemscope itemtype='https:\/\/schema.org\/ImageObject'>\n\t\t\t\t\t\t\t<span itemprop='url'>https:\/\/www.foodchempack.com\/wp-content\/uploads\/2022\/11\/logo-FoodChemPack.png<\/span>\n\t\t\t\t\t\t<\/span>\n\t\t\t\t<\/span><span class='av-structured-data'  itemprop=\"author\" itemscope=\"itemscope\" itemtype=\"https:\/\/schema.org\/Person\" ><span itemprop='name'>Raquel<\/span><\/span><span class='av-structured-data'  itemprop=\"datePublished\" datetime=\"2026-01-28T13:41:05+01:00\" >2026-01-28 13:41:05<\/span><span class='av-structured-data'  itemprop=\"dateModified\" itemtype=\"https:\/\/schema.org\/dateModified\" >2026-02-02 13:23:32<\/span><span class='av-structured-data'  itemprop=\"mainEntityOfPage\" itemtype=\"https:\/\/schema.org\/mainEntityOfPage\" ><span itemprop='name'>Defensa de la tesis doctoral de Sandra Mari\u00f1o Cortegoso<\/span><\/span><\/span><\/article><article class=\"post-entry post-entry-type-standard post-entry-8203 post-loop-5 post-parity-odd single-big with-slider post-8203 post type-post status-publish format-standard has-post-thumbnail hentry category-food-chem-pack-en tag-congress-en tag-science-en\"  itemscope=\"itemscope\" itemtype=\"https:\/\/schema.org\/BlogPosting\" ><div class=\"big-preview single-big\"  itemprop=\"image\" itemscope=\"itemscope\" itemtype=\"https:\/\/schema.org\/ImageObject\" ><a href=\"https:\/\/www.foodchempack.com\/en\/food-chem-pack-en\/i-seminario-y-1o-reunion-de-la-red-plaspain\/\"  title=\"Imaxe1\" ><img data-opt-src=\"https:\/\/mlmdzsfny8te.i.optimole.com\/w:845\/h:321\/q:mauto\/rt:fill\/g:ce\/ig:avif\/https:\/\/www.foodchempack.com\/wp-content\/uploads\/2026\/01\/Imaxe1.jpg\"  width=\"845\" height=\"321\" src=\"data:image/svg+xml,%3Csvg%20viewBox%3D%220%200%20845%20321%22%20width%3D%22845%22%20height%3D%22321%22%20xmlns%3D%22http%3A%2F%2Fwww.w3.org%2F2000%2Fsvg%22%3E%3Crect%20width%3D%22845%22%20height%3D%22321%22%20fill%3D%22transparent%22%2F%3E%3C%2Fsvg%3E\" class=\"wp-image-8103 avia-img-lazy-loading-not-8103 attachment-entry_with_sidebar size-entry_with_sidebar wp-post-image\" alt=\"\" decoding=\"async\" \/><\/a><\/div><div class=\"blog-meta\"><\/div><div class='entry-content-wrapper clearfix standard-content'><header class=\"entry-content-header\"><h2 class='post-title entry-title '  itemprop=\"headline\" ><a href=\"https:\/\/www.foodchempack.com\/en\/food-chem-pack-en\/i-seminario-y-1o-reunion-de-la-red-plaspain\/\" rel=\"bookmark\" title=\"Permanent Link: I Seminario y 1\u00ba Reuni\u00f3n de la Red PLASpain\">I Seminario y 1\u00ba Reuni\u00f3n de la Red PLASpain<span class=\"post-format-icon minor-meta\"><\/span><\/a><\/h2><span class=\"post-meta-infos\"><time class=\"date-container minor-meta updated\"  itemprop=\"datePublished\" datetime=\"2026-01-28T12:10:25+01:00\" >28\/01\/2026<\/time><span class=\"text-sep\">\/<\/span><span class=\"blog-categories minor-meta\">in <a href=\"https:\/\/www.foodchempack.com\/en\/category\/food-chem-pack-en\/\" rel=\"tag\">Food Chem Pack<\/a><\/span><\/span><\/header><div class=\"entry-content\"  itemprop=\"text\" ><p>El pasado mes, FoodChemPack particip\u00f3 en el I Seminario PLASpain y en la 1.\u00aa reuni\u00f3n de la Red, celebrada en la Universidad de La Rioja los d\u00edas 11 y 12 de diciembre. Esta reuni\u00f3n supuso el primer encuentro presencial conjunto de los grupos nacionales que integran la Red y que desarrollan investigaci\u00f3n en aplicaciones del [&hellip;]<\/p>\n<div class=\"read-more-link\"><a href=\"https:\/\/www.foodchempack.com\/en\/food-chem-pack-en\/i-seminario-y-1o-reunion-de-la-red-plaspain\/\" class=\"more-link\">Read more<span class=\"more-link-arrow\"><\/span><\/a><\/div>\n<\/div><footer class=\"entry-footer\"><\/footer><div class='post_delimiter'><\/div><\/div><div class=\"post_author_timeline\"><\/div><span class='hidden'>\n\t\t\t\t<span class='av-structured-data'  itemprop=\"image\" itemscope=\"itemscope\" itemtype=\"https:\/\/schema.org\/ImageObject\" >\n\t\t\t\t\t\t<span itemprop='url'>https:\/\/www.foodchempack.com\/wp-content\/uploads\/2026\/01\/Imaxe1.jpg<\/span>\n\t\t\t\t\t\t<span itemprop='height'>752<\/span>\n\t\t\t\t\t\t<span itemprop='width'>1296<\/span>\n\t\t\t\t<\/span>\n\t\t\t\t<span class='av-structured-data'  itemprop=\"publisher\" itemtype=\"https:\/\/schema.org\/Organization\" itemscope=\"itemscope\" >\n\t\t\t\t\t\t<span itemprop='name'>Raquel<\/span>\n\t\t\t\t\t\t<span itemprop='logo' itemscope itemtype='https:\/\/schema.org\/ImageObject'>\n\t\t\t\t\t\t\t<span itemprop='url'>https:\/\/www.foodchempack.com\/wp-content\/uploads\/2022\/11\/logo-FoodChemPack.png<\/span>\n\t\t\t\t\t\t<\/span>\n\t\t\t\t<\/span><span class='av-structured-data'  itemprop=\"author\" itemscope=\"itemscope\" itemtype=\"https:\/\/schema.org\/Person\" ><span itemprop='name'>Raquel<\/span><\/span><span class='av-structured-data'  itemprop=\"datePublished\" datetime=\"2026-01-28T12:10:25+01:00\" >2026-01-28 12:10:25<\/span><span class='av-structured-data'  itemprop=\"dateModified\" itemtype=\"https:\/\/schema.org\/dateModified\" >2026-02-02 13:22:33<\/span><span class='av-structured-data'  itemprop=\"mainEntityOfPage\" itemtype=\"https:\/\/schema.org\/mainEntityOfPage\" ><span itemprop='name'>I Seminario y 1\u00ba Reuni\u00f3n de la Red PLASpain<\/span><\/span><\/span><\/article><article class=\"post-entry post-entry-type-standard post-entry-8199 post-loop-6 post-parity-even post-entry-last single-big with-slider post-8199 post type-post status-publish format-standard has-post-thumbnail hentry category-food-chem-pack-en tag-congress-en tag-science-en tag-slim-en\"  itemscope=\"itemscope\" itemtype=\"https:\/\/schema.org\/BlogPosting\" ><div class=\"big-preview single-big\"  itemprop=\"image\" itemscope=\"itemscope\" itemtype=\"https:\/\/schema.org\/ImageObject\" ><a href=\"https:\/\/www.foodchempack.com\/en\/food-chem-pack-en\/%f0%9f%93%a2-save-the-date-slim-2026\/\"  title=\"WhatsApp-Image-2026-01-20-at-15.00.09-1\" ><img width=\"841\" height=\"321\" src=\"https:\/\/mlmdzsfny8te.i.optimole.com\/w:841\/h:321\/q:mauto\/ig:avif\/https:\/\/www.foodchempack.com\/wp-content\/uploads\/2026\/01\/WhatsApp-Image-2026-01-20-at-15.00.09-1.jpeg\" class=\"wp-image-8072 avia-img-lazy-loading-not-8072 attachment-entry_with_sidebar size-entry_with_sidebar wp-post-image\" alt=\"\" decoding=\"async\" \/><\/a><\/div><div class=\"blog-meta\"><\/div><div class='entry-content-wrapper clearfix standard-content'><header class=\"entry-content-header\"><h2 class='post-title entry-title '  itemprop=\"headline\" ><a href=\"https:\/\/www.foodchempack.com\/en\/food-chem-pack-en\/%f0%9f%93%a2-save-the-date-slim-2026\/\" rel=\"bookmark\" title=\"Permanent Link: \ud83d\udce2 Save the Date \u2013 SLIM 2026!\">\ud83d\udce2 Save the Date \u2013 SLIM 2026!<span class=\"post-format-icon minor-meta\"><\/span><\/a><\/h2><span class=\"post-meta-infos\"><time class=\"date-container minor-meta updated\"  itemprop=\"datePublished\" datetime=\"2026-01-20T15:04:02+01:00\" >20\/01\/2026<\/time><span class=\"text-sep\">\/<\/span><span class=\"blog-categories minor-meta\">in <a href=\"https:\/\/www.foodchempack.com\/en\/category\/food-chem-pack-en\/\" rel=\"tag\">Food Chem Pack<\/a><\/span><\/span><\/header><div class=\"entry-content\"  itemprop=\"text\" ><p>The 12th Shelf Life International Meeting (SLIM 2026) will be held from June 8\u201311, 2026 in Santiago de Compostela, Spain, at the University of Santiago de Compostela. \ud83c\udf0d An international forum to discuss the latest research and innovations in food shelf life, packaging, sustainability, and safety. \ud83d\udd2c Key topics: \ud83d\uddd3 Abstract deadlines:\u270d\ufe0f Oral presentations: Feb [&hellip;]<\/p>\n<div class=\"read-more-link\"><a href=\"https:\/\/www.foodchempack.com\/en\/food-chem-pack-en\/%f0%9f%93%a2-save-the-date-slim-2026\/\" class=\"more-link\">Read more<span class=\"more-link-arrow\"><\/span><\/a><\/div>\n<\/div><footer class=\"entry-footer\"><\/footer><div class='post_delimiter'><\/div><\/div><div class=\"post_author_timeline\"><\/div><span class='hidden'>\n\t\t\t\t<span class='av-structured-data'  itemprop=\"image\" itemscope=\"itemscope\" itemtype=\"https:\/\/schema.org\/ImageObject\" >\n\t\t\t\t\t\t<span itemprop='url'>https:\/\/www.foodchempack.com\/wp-content\/uploads\/2026\/01\/WhatsApp-Image-2026-01-20-at-15.00.09-1.jpeg<\/span>\n\t\t\t\t\t\t<span itemprop='height'>595<\/span>\n\t\t\t\t\t\t<span itemprop='width'>841<\/span>\n\t\t\t\t<\/span>\n\t\t\t\t<span class='av-structured-data'  itemprop=\"publisher\" itemtype=\"https:\/\/schema.org\/Organization\" itemscope=\"itemscope\" >\n\t\t\t\t\t\t<span itemprop='name'>Raquel<\/span>\n\t\t\t\t\t\t<span itemprop='logo' itemscope itemtype='https:\/\/schema.org\/ImageObject'>\n\t\t\t\t\t\t\t<span itemprop='url'>https:\/\/www.foodchempack.com\/wp-content\/uploads\/2022\/11\/logo-FoodChemPack.png<\/span>\n\t\t\t\t\t\t<\/span>\n\t\t\t\t<\/span><span class='av-structured-data'  itemprop=\"author\" itemscope=\"itemscope\" itemtype=\"https:\/\/schema.org\/Person\" ><span itemprop='name'>Raquel<\/span><\/span><span class='av-structured-data'  itemprop=\"datePublished\" datetime=\"2026-01-20T15:04:02+01:00\" >2026-01-20 15:04:02<\/span><span class='av-structured-data'  itemprop=\"dateModified\" itemtype=\"https:\/\/schema.org\/dateModified\" >2026-02-02 13:21:00<\/span><span class='av-structured-data'  itemprop=\"mainEntityOfPage\" itemtype=\"https:\/\/schema.org\/mainEntityOfPage\" ><span itemprop='name'>\ud83d\udce2 Save the Date \u2013 SLIM 2026!<\/span><\/span><\/span><\/article><div class='single-big'><nav class='pagination'><span class='pagination-meta'>Page 1 of 5<\/span><span class='current'>1<\/span><a href='https:\/\/www.foodchempack.com\/en\/wp-json\/wp\/v2\/pages\/5928\/page\/2\/' class='inactive next_page' >2<\/a><a href='https:\/\/www.foodchempack.com\/en\/wp-json\/wp\/v2\/pages\/5928\/page\/3\/' class='inactive' >3<\/a><a href='https:\/\/www.foodchempack.com\/en\/wp-json\/wp\/v2\/pages\/5928\/page\/4\/' class='inactive' >4<\/a><a href='https:\/\/www.foodchempack.com\/en\/wp-json\/wp\/v2\/pages\/5928\/page\/5\/' class='inactive' >5<\/a><\/nav>\n<\/div><\/div><\/div>\n","protected":false},"excerpt":{"rendered":"","protected":false},"author":1,"featured_media":0,"parent":0,"menu_order":0,"comment_status":"closed","ping_status":"closed","template":"","meta":{"_eb_attr":""},"_links":{"self":[{"href":"https:\/\/www.foodchempack.com\/en\/wp-json\/wp\/v2\/pages\/5928"}],"collection":[{"href":"https:\/\/www.foodchempack.com\/en\/wp-json\/wp\/v2\/pages"}],"about":[{"href":"https:\/\/www.foodchempack.com\/en\/wp-json\/wp\/v2\/types\/page"}],"author":[{"embeddable":true,"href":"https:\/\/www.foodchempack.com\/en\/wp-json\/wp\/v2\/users\/1"}],"replies":[{"embeddable":true,"href":"https:\/\/www.foodchempack.com\/en\/wp-json\/wp\/v2\/comments?post=5928"}],"version-history":[{"count":0,"href":"https:\/\/www.foodchempack.com\/en\/wp-json\/wp\/v2\/pages\/5928\/revisions"}],"wp:attachment":[{"href":"https:\/\/www.foodchempack.com\/en\/wp-json\/wp\/v2\/media?parent=5928"}],"curies":[{"name":"wp","href":"https:\/\/api.w.org\/{rel}","templated":true}]}}